{"id":359,"date":"2020-09-08T17:35:16","date_gmt":"2020-09-08T15:35:16","guid":{"rendered":"https:\/\/www.testsailhan.fr\/?page_id=359"},"modified":"2022-11-23T16:33:50","modified_gmt":"2022-11-23T15:33:50","slug":"les-travaux","status":"publish","type":"page","link":"https:\/\/mairie-sailhan.fr\/index.php\/les-travaux\/","title":{"rendered":"Les travaux"},"content":{"rendered":"\t\t<div data-elementor-type=\"wp-page\" data-elementor-id=\"359\" class=\"elementor elementor-359\" data-elementor-post-type=\"page\">\n\t\t\t\t\t\t<section class=\"elementor-section elementor-top-section elementor-element elementor-element-fcd4919 elementor-section-boxed elementor-section-height-default elementor-section-height-default\" data-id=\"fcd4919\" data-element_type=\"section\" data-e-type=\"section\">\n\t\t\t\t\t\t<div class=\"elementor-container elementor-column-gap-default\">\n\t\t\t\t\t<div class=\"elementor-column elementor-col-100 elementor-top-column elementor-element elementor-element-7082a63\" data-id=\"7082a63\" data-element_type=\"column\" data-e-type=\"column\">\n\t\t\t<div class=\"elementor-widget-wrap elementor-element-populated\">\n\t\t\t\t\t\t<div class=\"elementor-element elementor-element-f0ffe26 elementor-widget elementor-widget-spacer\" data-id=\"f0ffe26\" data-element_type=\"widget\" data-e-type=\"widget\" data-widget_type=\"spacer.default\">\n\t\t\t\t<div class=\"elementor-widget-container\">\n\t\t\t\t\t\t\t<div class=\"elementor-spacer\">\n\t\t\t<div class=\"elementor-spacer-inner\"><\/div>\n\t\t<\/div>\n\t\t\t\t\t\t<\/div>\n\t\t\t\t<\/div>\n\t\t\t\t\t<\/div>\n\t\t<\/div>\n\t\t\t\t\t<\/div>\n\t\t<\/section>\n\t\t\t\t<section class=\"elementor-section elementor-top-section elementor-element elementor-element-dd15fbc elementor-section-boxed elementor-section-height-default elementor-section-height-default\" data-id=\"dd15fbc\" data-element_type=\"section\" data-e-type=\"section\">\n\t\t\t\t\t\t<div class=\"elementor-container elementor-column-gap-default\">\n\t\t\t\t\t<div class=\"elementor-column elementor-col-50 elementor-top-column elementor-element elementor-element-ba2f4fe\" data-id=\"ba2f4fe\" data-element_type=\"column\" data-e-type=\"column\">\n\t\t\t<div class=\"elementor-widget-wrap elementor-element-populated\">\n\t\t\t\t\t\t<div class=\"elementor-element elementor-element-71a318f elementor-widget elementor-widget-heading\" data-id=\"71a318f\" data-element_type=\"widget\" data-e-type=\"widget\" data-widget_type=\"heading.default\">\n\t\t\t\t<div class=\"elementor-widget-container\">\n\t\t\t\t\t<h2 class=\"elementor-heading-title elementor-size-default\">Les travaux<\/h2>\t\t\t\t<\/div>\n\t\t\t\t<\/div>\n\t\t\t\t\t<\/div>\n\t\t<\/div>\n\t\t\t\t<div class=\"elementor-column elementor-col-50 elementor-top-column elementor-element elementor-element-3c244cc\" data-id=\"3c244cc\" data-element_type=\"column\" data-e-type=\"column\">\n\t\t\t<div class=\"elementor-widget-wrap elementor-element-populated\">\n\t\t\t\t\t\t<div class=\"elementor-element elementor-element-c6664bd elementor-align-left elementor-widget elementor-widget-button\" data-id=\"c6664bd\" data-element_type=\"widget\" data-e-type=\"widget\" data-widget_type=\"button.default\">\n\t\t\t\t<div class=\"elementor-widget-container\">\n\t\t\t\t\t\t\t\t\t<div class=\"elementor-button-wrapper\">\n\t\t\t\t\t<a class=\"elementor-button elementor-button-link elementor-size-sm\" href=\"https:\/\/www.mairie-sailhan.fr\/\" rel=\"nofollow\">\n\t\t\t\t\t\t<span class=\"elementor-button-content-wrapper\">\n\t\t\t\t\t\t<span class=\"elementor-button-icon\">\n\t\t\t\t<i aria-hidden=\"true\" class=\"fas fa-home\"><\/i>\t\t\t<\/span>\n\t\t\t\t\t\t\t\t\t<span class=\"elementor-button-text\">ACCUEIL<\/span>\n\t\t\t\t\t<\/span>\n\t\t\t\t\t<\/a>\n\t\t\t\t<\/div>\n\t\t\t\t\t\t\t\t<\/div>\n\t\t\t\t<\/div>\n\t\t\t\t\t<\/div>\n\t\t<\/div>\n\t\t\t\t\t<\/div>\n\t\t<\/section>\n\t\t\t\t<section class=\"elementor-section elementor-top-section elementor-element elementor-element-0d72a97 elementor-section-boxed elementor-section-height-default elementor-section-height-default\" data-id=\"0d72a97\" data-element_type=\"section\" data-e-type=\"section\">\n\t\t\t\t\t\t<div class=\"elementor-container elementor-column-gap-default\">\n\t\t\t\t\t<div class=\"elementor-column elementor-col-100 elementor-top-column elementor-element elementor-element-476497f\" data-id=\"476497f\" data-element_type=\"column\" data-e-type=\"column\">\n\t\t\t<div class=\"elementor-widget-wrap elementor-element-populated\">\n\t\t\t\t\t\t<div class=\"elementor-element elementor-element-8570593 elementor-widget elementor-widget-heading\" data-id=\"8570593\" data-element_type=\"widget\" data-e-type=\"widget\" data-widget_type=\"heading.default\">\n\t\t\t\t<div class=\"elementor-widget-container\">\n\t\t\t\t\t<h2 class=\"elementor-heading-title elementor-size-default\">Travaux en 2021<\/h2>\t\t\t\t<\/div>\n\t\t\t\t<\/div>\n\t\t\t\t\t<\/div>\n\t\t<\/div>\n\t\t\t\t\t<\/div>\n\t\t<\/section>\n\t\t\t\t<section class=\"elementor-section elementor-top-section elementor-element elementor-element-d9638d9 elementor-section-boxed elementor-section-height-default elementor-section-height-default\" data-id=\"d9638d9\" data-element_type=\"section\" data-e-type=\"section\">\n\t\t\t\t\t\t<div class=\"elementor-container elementor-column-gap-default\">\n\t\t\t\t\t<div class=\"elementor-column elementor-col-33 elementor-top-column elementor-element elementor-element-0ac44fc\" data-id=\"0ac44fc\" data-element_type=\"column\" data-e-type=\"column\">\n\t\t\t<div class=\"elementor-widget-wrap\">\n\t\t\t\t\t\t\t<\/div>\n\t\t<\/div>\n\t\t\t\t<div class=\"elementor-column elementor-col-33 elementor-top-column elementor-element elementor-element-baace03\" data-id=\"baace03\" data-element_type=\"column\" data-e-type=\"column\">\n\t\t\t<div class=\"elementor-widget-wrap elementor-element-populated\">\n\t\t\t\t\t\t<div class=\"elementor-element elementor-element-4471e44 elementor-icon-list--layout-traditional elementor-list-item-link-full_width elementor-widget elementor-widget-icon-list\" data-id=\"4471e44\" data-element_type=\"widget\" data-e-type=\"widget\" data-widget_type=\"icon-list.default\">\n\t\t\t\t<div class=\"elementor-widget-container\">\n\t\t\t\t\t\t\t<ul class=\"elementor-icon-list-items\">\n\t\t\t\t\t\t\t<li class=\"elementor-icon-list-item\">\n\t\t\t\t\t\t\t\t\t\t\t<span class=\"elementor-icon-list-icon\">\n\t\t\t\t\t\t\t<i aria-hidden=\"true\" class=\"far fa-hand-point-right\"><\/i>\t\t\t\t\t\t<\/span>\n\t\t\t\t\t\t\t\t\t\t<span class=\"elementor-icon-list-text\">Eclairage public. Mise en basse tension de la tranche 2 (au niveau du lavoir et de la route d'Ens) sous r\u00e9serve de la prise en charge par le Syndicat D\u00e9partemental d'Energie (SDE).<\/span>\n\t\t\t\t\t\t\t\t\t<\/li>\n\t\t\t\t\t\t\t\t<li class=\"elementor-icon-list-item\">\n\t\t\t\t\t\t\t\t\t\t\t<span class=\"elementor-icon-list-icon\">\n\t\t\t\t\t\t\t<i aria-hidden=\"true\" class=\"far fa-hand-point-right\"><\/i>\t\t\t\t\t\t<\/span>\n\t\t\t\t\t\t\t\t\t\t<span class=\"elementor-icon-list-text\">S\u00e9curit\u00e9 routi\u00e8re. Installation de panneaux p\u00e9dagogiques pour ralentir la vitesse aux entr\u00e9es du village (routes d'Estensan et de Saint-Lary Soulan) sous r\u00e9serve de la participation du SDE et mise en place d'une signal\u00e9tique au sol et de panneaux au carrefour du village (travaux r\u00e9alis\u00e9s avec la DDT et BG Signalisation).<\/span>\n\t\t\t\t\t\t\t\t\t<\/li>\n\t\t\t\t\t\t\t\t<li class=\"elementor-icon-list-item\">\n\t\t\t\t\t\t\t\t\t\t\t<span class=\"elementor-icon-list-icon\">\n\t\t\t\t\t\t\t<i aria-hidden=\"true\" class=\"far fa-hand-point-right\"><\/i>\t\t\t\t\t\t<\/span>\n\t\t\t\t\t\t\t\t\t\t<span class=\"elementor-icon-list-text\">Signal\u00e9tique des chemins de Saint-Lary, Via de Vielle et Bourisp :  arr\u00eat\u00e9s d'interdiction de circulation pour les deux roues en raison de la dangerosit\u00e9 (les panneaux seront r\u00e9alis\u00e9s par l'ONF et pos\u00e9s par ATTM).<\/span>\n\t\t\t\t\t\t\t\t\t<\/li>\n\t\t\t\t\t\t\t\t<li class=\"elementor-icon-list-item\">\n\t\t\t\t\t\t\t\t\t\t\t<span class=\"elementor-icon-list-icon\">\n\t\t\t\t\t\t\t<i aria-hidden=\"true\" class=\"far fa-hand-point-right\"><\/i>\t\t\t\t\t\t<\/span>\n\t\t\t\t\t\t\t\t\t\t<span class=\"elementor-icon-list-text\">Elagage de la parcelle n\u00b0368 situ\u00e9e chemin du Pi ( travaux r\u00e9alis\u00e9s part la soci\u00e9t\u00e9 Eurlfts 65).<\/span>\n\t\t\t\t\t\t\t\t\t<\/li>\n\t\t\t\t\t\t\t\t<li class=\"elementor-icon-list-item\">\n\t\t\t\t\t\t\t\t\t\t\t<span class=\"elementor-icon-list-icon\">\n\t\t\t\t\t\t\t<i aria-hidden=\"true\" class=\"far fa-hand-point-right\"><\/i>\t\t\t\t\t\t<\/span>\n\t\t\t\t\t\t\t\t\t\t<span class=\"elementor-icon-list-text\">Travaux d'\u00e9lagage et de sout\u00e8nement des talus avec plantation de plantes p\u00e9rennes chemin de Saint-Lary (r\u00e9alis\u00e9s par la soci\u00e9t\u00e9 ATTM).<\/span>\n\t\t\t\t\t\t\t\t\t<\/li>\n\t\t\t\t\t\t\t\t<li class=\"elementor-icon-list-item\">\n\t\t\t\t\t\t\t\t\t\t\t<span class=\"elementor-icon-list-icon\">\n\t\t\t\t\t\t\t<i aria-hidden=\"true\" class=\"far fa-hand-point-right\"><\/i>\t\t\t\t\t\t<\/span>\n\t\t\t\t\t\t\t\t\t\t<span class=\"elementor-icon-list-text\">Entretien du chemin de Caneille : \u00e9lagage et canalisation de l'eau (travaux r\u00e9alis\u00e9s par l'\u00e9quipe de la mairie de Saint-Lary Soulan et les employ\u00e9s du SIVOM).<\/span>\n\t\t\t\t\t\t\t\t\t<\/li>\n\t\t\t\t\t\t\t\t<li class=\"elementor-icon-list-item\">\n\t\t\t\t\t\t\t\t\t\t\t<span class=\"elementor-icon-list-icon\">\n\t\t\t\t\t\t\t<i aria-hidden=\"true\" class=\"far fa-hand-point-right\"><\/i>\t\t\t\t\t\t<\/span>\n\t\t\t\t\t\t\t\t\t\t<span class=\"elementor-icon-list-text\">R\u00e9seau d'eau potable : remplacement des compteurs d'eau d\u00e9fectueux (travaux r\u00e9alis\u00e9s b\u00e9n\u00e9volement par Benjamin Ciemnewski); relev\u00e9 des tampons sur les chauss\u00e9es (travaux r\u00e9alis\u00e9s par la soci\u00e9t\u00e9 Condour); source d'Ari\u00e9ou : \u00e9valuation des pertes d'eau \u00e0 l'int\u00e9rieur du p\u00e9rim\u00e8tre et r\u00e9alisation d'un devis.<\/span>\n\t\t\t\t\t\t\t\t\t<\/li>\n\t\t\t\t\t\t\t\t<li class=\"elementor-icon-list-item\">\n\t\t\t\t\t\t\t\t\t\t\t<span class=\"elementor-icon-list-icon\">\n\t\t\t\t\t\t\t<i aria-hidden=\"true\" class=\"far fa-hand-point-right\"><\/i>\t\t\t\t\t\t<\/span>\n\t\t\t\t\t\t\t\t\t\t<span class=\"elementor-icon-list-text\">Coupes de bois : poursuite des coupes de bois sur le secteur du Rioumajou en collaboration avec l'ONF; coupe d'affouage aux Conques de Brouca.<\/span>\n\t\t\t\t\t\t\t\t\t<\/li>\n\t\t\t\t\t\t\t\t<li class=\"elementor-icon-list-item\">\n\t\t\t\t\t\t\t\t\t\t\t<span class=\"elementor-icon-list-icon\">\n\t\t\t\t\t\t\t<i aria-hidden=\"true\" class=\"far fa-hand-point-right\"><\/i>\t\t\t\t\t\t<\/span>\n\t\t\t\t\t\t\t\t\t\t<span class=\"elementor-icon-list-text\">Am\u00e9nagement urbain de la place de l'\u00e9cole tranche 1  : travaux de ma\u00e7onnerie avec r\u00e9alisation d'un muret avec banc en schiste encastr\u00e9 et jardini\u00e8res int\u00e9gr\u00e9es (r\u00e9alis\u00e9s par l'entreprise Pierre&amp;Bois); d\u00e9placement de la fontaine existante et branchement aux r\u00e9seaux (travaux r\u00e9alis\u00e9s par la soci\u00e9t\u00e9 Condour); cr\u00e9ation de places de stationnement sur l'emplacement de la fontaine actuelle.<\/span>\n\t\t\t\t\t\t\t\t\t<\/li>\n\t\t\t\t\t\t\t\t<li class=\"elementor-icon-list-item\">\n\t\t\t\t\t\t\t\t\t\t\t<span class=\"elementor-icon-list-icon\">\n\t\t\t\t\t\t\t<i aria-hidden=\"true\" class=\"far fa-hand-point-right\"><\/i>\t\t\t\t\t\t<\/span>\n\t\t\t\t\t\t\t\t\t\t<span class=\"elementor-icon-list-text\">Cimeti\u00e8re : reprise des concessions abandonn\u00e9es et r\u00e9alisation d'un ossuaire (travaux r\u00e9alis\u00e9s par la soci\u00e9t\u00e9 Sotraf).<\/span>\n\t\t\t\t\t\t\t\t\t<\/li>\n\t\t\t\t\t\t\t\t<li class=\"elementor-icon-list-item\">\n\t\t\t\t\t\t\t\t\t\t\t<span class=\"elementor-icon-list-icon\">\n\t\t\t\t\t\t\t<i aria-hidden=\"true\" class=\"far fa-hand-point-right\"><\/i>\t\t\t\t\t\t<\/span>\n\t\t\t\t\t\t\t\t\t\t<span class=\"elementor-icon-list-text\">Eglise : r\u00e9fection des murs de l'escalier de l'\u00e9glise et des sacristies (travaux r\u00e9alis\u00e9s par l'entreprise Pierre&amp;Bois); d\u00e9capage des marches et peinture des murs ( travaux r\u00e9alis\u00e9s par l'entreprise Celotti); pose d'une main courante pour l'acc\u00e8s \u00e0 la tribune.<\/span>\n\t\t\t\t\t\t\t\t\t<\/li>\n\t\t\t\t\t\t\t\t<li class=\"elementor-icon-list-item\">\n\t\t\t\t\t\t\t\t\t\t\t<span class=\"elementor-icon-list-icon\">\n\t\t\t\t\t\t\t<i aria-hidden=\"true\" class=\"far fa-hand-point-right\"><\/i>\t\t\t\t\t\t<\/span>\n\t\t\t\t\t\t\t\t\t\t<span class=\"elementor-icon-list-text\">Moulin : fermeture du four \u00e0 pain avec pose d'une porte pour la r\u00e9serve \u00e0 bois (travaux r\u00e9alis\u00e9s par la soci\u00e9t\u00e9 d'\u00e9b\u00e9nisterie Espouy).<\/span>\n\t\t\t\t\t\t\t\t\t<\/li>\n\t\t\t\t\t\t\t\t<li class=\"elementor-icon-list-item\">\n\t\t\t\t\t\t\t\t\t\t\t<span class=\"elementor-icon-list-icon\">\n\t\t\t\t\t\t\t<i aria-hidden=\"true\" class=\"far fa-hand-point-right\"><\/i>\t\t\t\t\t\t<\/span>\n\t\t\t\t\t\t\t\t\t\t<span class=\"elementor-icon-list-text\">Etude : reprise du projet de r\u00e9habilitation de la mairie, m\u00e9diath\u00e8que et atelier communal en collaboration avec l'ADAC.<\/span>\n\t\t\t\t\t\t\t\t\t<\/li>\n\t\t\t\t\t\t\t\t<li class=\"elementor-icon-list-item\">\n\t\t\t\t\t\t\t\t\t\t\t<span class=\"elementor-icon-list-icon\">\n\t\t\t\t\t\t\t<i aria-hidden=\"true\" class=\"far fa-hand-point-right\"><\/i>\t\t\t\t\t\t<\/span>\n\t\t\t\t\t\t\t\t\t\t<span class=\"elementor-icon-list-text\">Bornage : r\u00e9alisation d'un bornage au Bi\u00e9 d'Aoure et au chemin de Saounte.<\/span>\n\t\t\t\t\t\t\t\t\t<\/li>\n\t\t\t\t\t\t\t\t<li class=\"elementor-icon-list-item\">\n\t\t\t\t\t\t\t\t\t\t\t<span class=\"elementor-icon-list-icon\">\n\t\t\t\t\t\t\t<i aria-hidden=\"true\" class=\"far fa-hand-point-right\"><\/i>\t\t\t\t\t\t<\/span>\n\t\t\t\t\t\t\t\t\t\t<span class=\"elementor-icon-list-text\">Divers : achat d'un destructeur de documents (secr\u00e9tariat); achat de tables (associations); r\u00e9sidence de l'\u00e9cole : achat et pose de moustiquaires (par la soci\u00e9t\u00e9 Cascarra) et remplacement des radiateurs \u00e9lectriques dans l'appartement n\u00b02; espace propret\u00e9 : achat de cam\u00e9ras de surveillance pour le local situ\u00e9 sous la mairie et la cour de l'\u00e9cole; mat\u00e9riel de bricolage : achat d'une ponceuse, d'une visseuse, d'une d\u00e9broussailleuse et d'une tondeuse; embellissement du village : achat de jardini\u00e8res en pierre pour le mur du cimeti\u00e8re et au chemin du Pi; No\u00ebl : achats d'illuminations.<\/span>\n\t\t\t\t\t\t\t\t\t<\/li>\n\t\t\t\t\t\t<\/ul>\n\t\t\t\t\t\t<\/div>\n\t\t\t\t<\/div>\n\t\t\t\t\t<\/div>\n\t\t<\/div>\n\t\t\t\t<div class=\"elementor-column elementor-col-33 elementor-top-column elementor-element elementor-element-8e4c32e\" data-id=\"8e4c32e\" data-element_type=\"column\" data-e-type=\"column\">\n\t\t\t<div class=\"elementor-widget-wrap\">\n\t\t\t\t\t\t\t<\/div>\n\t\t<\/div>\n\t\t\t\t\t<\/div>\n\t\t<\/section>\n\t\t\t\t<section class=\"elementor-section elementor-top-section elementor-element elementor-element-80c0b59 elementor-section-boxed elementor-section-height-default elementor-section-height-default\" data-id=\"80c0b59\" data-element_type=\"section\" data-e-type=\"section\">\n\t\t\t\t\t\t<div class=\"elementor-container elementor-column-gap-default\">\n\t\t\t\t\t<div class=\"elementor-column elementor-col-100 elementor-top-column elementor-element elementor-element-4aadae1\" data-id=\"4aadae1\" data-element_type=\"column\" data-e-type=\"column\">\n\t\t\t<div class=\"elementor-widget-wrap elementor-element-populated\">\n\t\t\t\t\t\t<div class=\"elementor-element elementor-element-5817ac8 elementor-widget elementor-widget-spacer\" data-id=\"5817ac8\" data-element_type=\"widget\" data-e-type=\"widget\" data-widget_type=\"spacer.default\">\n\t\t\t\t<div class=\"elementor-widget-container\">\n\t\t\t\t\t\t\t<div class=\"elementor-spacer\">\n\t\t\t<div class=\"elementor-spacer-inner\"><\/div>\n\t\t<\/div>\n\t\t\t\t\t\t<\/div>\n\t\t\t\t<\/div>\n\t\t\t\t\t<\/div>\n\t\t<\/div>\n\t\t\t\t\t<\/div>\n\t\t<\/section>\n\t\t\t\t<section class=\"elementor-section elementor-top-section elementor-element elementor-element-f0af650 elementor-section-boxed elementor-section-height-default elementor-section-height-default\" data-id=\"f0af650\" data-element_type=\"section\" data-e-type=\"section\">\n\t\t\t\t\t\t<div class=\"elementor-container elementor-column-gap-default\">\n\t\t\t\t\t<div class=\"elementor-column elementor-col-100 elementor-top-column elementor-element elementor-element-605c0a7\" data-id=\"605c0a7\" data-element_type=\"column\" data-e-type=\"column\">\n\t\t\t<div class=\"elementor-widget-wrap elementor-element-populated\">\n\t\t\t\t\t\t<div class=\"elementor-element elementor-element-2740d72 elementor-widget elementor-widget-heading\" data-id=\"2740d72\" data-element_type=\"widget\" data-e-type=\"widget\" data-widget_type=\"heading.default\">\n\t\t\t\t<div class=\"elementor-widget-container\">\n\t\t\t\t\t<h2 class=\"elementor-heading-title elementor-size-default\">Travaux en 2020<\/h2>\t\t\t\t<\/div>\n\t\t\t\t<\/div>\n\t\t\t\t\t<\/div>\n\t\t<\/div>\n\t\t\t\t\t<\/div>\n\t\t<\/section>\n\t\t\t\t<section class=\"elementor-section elementor-top-section elementor-element elementor-element-6b43c2c elementor-section-boxed elementor-section-height-default elementor-section-height-default\" data-id=\"6b43c2c\" data-element_type=\"section\" data-e-type=\"section\">\n\t\t\t\t\t\t<div class=\"elementor-container elementor-column-gap-default\">\n\t\t\t\t\t<div class=\"elementor-column elementor-col-33 elementor-top-column elementor-element elementor-element-8dd46ef\" data-id=\"8dd46ef\" data-element_type=\"column\" data-e-type=\"column\">\n\t\t\t<div class=\"elementor-widget-wrap\">\n\t\t\t\t\t\t\t<\/div>\n\t\t<\/div>\n\t\t\t\t<div class=\"elementor-column elementor-col-33 elementor-top-column elementor-element elementor-element-35d6483\" data-id=\"35d6483\" data-element_type=\"column\" data-e-type=\"column\">\n\t\t\t<div class=\"elementor-widget-wrap elementor-element-populated\">\n\t\t\t\t\t\t<div class=\"elementor-element elementor-element-f549e0c elementor-icon-list--layout-traditional elementor-list-item-link-full_width elementor-widget elementor-widget-icon-list\" data-id=\"f549e0c\" data-element_type=\"widget\" data-e-type=\"widget\" data-widget_type=\"icon-list.default\">\n\t\t\t\t<div class=\"elementor-widget-container\">\n\t\t\t\t\t\t\t<ul class=\"elementor-icon-list-items\">\n\t\t\t\t\t\t\t<li class=\"elementor-icon-list-item\">\n\t\t\t\t\t\t\t\t\t\t\t<span class=\"elementor-icon-list-icon\">\n\t\t\t\t\t\t\t<i aria-hidden=\"true\" class=\"far fa-hand-point-right\"><\/i>\t\t\t\t\t\t<\/span>\n\t\t\t\t\t\t\t\t\t\t<span class=\"elementor-icon-list-text\">Pose de la signal\u00e9tique intra-communale.<\/span>\n\t\t\t\t\t\t\t\t\t<\/li>\n\t\t\t\t\t\t\t\t<li class=\"elementor-icon-list-item\">\n\t\t\t\t\t\t\t\t\t\t\t<span class=\"elementor-icon-list-icon\">\n\t\t\t\t\t\t\t<i aria-hidden=\"true\" class=\"far fa-hand-point-right\"><\/i>\t\t\t\t\t\t<\/span>\n\t\t\t\t\t\t\t\t\t\t<span class=\"elementor-icon-list-text\">Pose de panneaux de signalisation et de miroirs sur la voirie communale (effectu\u00e9e par les employ\u00e9s du SIVOM de la Haute Vall\u00e9e d\u2019Aure).<\/span>\n\t\t\t\t\t\t\t\t\t<\/li>\n\t\t\t\t\t\t\t\t<li class=\"elementor-icon-list-item\">\n\t\t\t\t\t\t\t\t\t\t\t<span class=\"elementor-icon-list-icon\">\n\t\t\t\t\t\t\t<i aria-hidden=\"true\" class=\"far fa-hand-point-right\"><\/i>\t\t\t\t\t\t<\/span>\n\t\t\t\t\t\t\t\t\t\t<span class=\"elementor-icon-list-text\">Travaux dans l\u2019appartement 1 de la r\u00e9sidence de l\u2019\u00e9cole : r\u00e9fection de la salle de bain (plomberie par Laurent FOURTON et travaux par Jean-Michel MARIA, \u00e0 titre b\u00e9n\u00e9vole).<\/span>\n\t\t\t\t\t\t\t\t\t<\/li>\n\t\t\t\t\t\t\t\t<li class=\"elementor-icon-list-item\">\n\t\t\t\t\t\t\t\t\t\t\t<span class=\"elementor-icon-list-icon\">\n\t\t\t\t\t\t\t<i aria-hidden=\"true\" class=\"far fa-hand-point-right\"><\/i>\t\t\t\t\t\t<\/span>\n\t\t\t\t\t\t\t\t\t\t<span class=\"elementor-icon-list-text\">Sur le site du Moulin : un escalier, une rampe d\u2019acc\u00e8s et des am\u00e9nagements paysagers (Entreprise ATTM) ont \u00e9t\u00e9 r\u00e9alis\u00e9s.<\/span>\n\t\t\t\t\t\t\t\t\t<\/li>\n\t\t\t\t\t\t\t\t<li class=\"elementor-icon-list-item\">\n\t\t\t\t\t\t\t\t\t\t\t<span class=\"elementor-icon-list-icon\">\n\t\t\t\t\t\t\t<i aria-hidden=\"true\" class=\"far fa-hand-point-right\"><\/i>\t\t\t\t\t\t<\/span>\n\t\t\t\t\t\t\t\t\t\t<span class=\"elementor-icon-list-text\">R\u00e9fection de la peinture du hall ext\u00e9rieur du b\u00e2timent de la mairie (entreprise Celotti).<\/span>\n\t\t\t\t\t\t\t\t\t<\/li>\n\t\t\t\t\t\t\t\t<li class=\"elementor-icon-list-item\">\n\t\t\t\t\t\t\t\t\t\t\t<span class=\"elementor-icon-list-icon\">\n\t\t\t\t\t\t\t<i aria-hidden=\"true\" class=\"far fa-hand-point-right\"><\/i>\t\t\t\t\t\t<\/span>\n\t\t\t\t\t\t\t\t\t\t<span class=\"elementor-icon-list-text\">\u00c9lectrification du grenier de la Mairie (Laurent VERT).<\/span>\n\t\t\t\t\t\t\t\t\t<\/li>\n\t\t\t\t\t\t\t\t<li class=\"elementor-icon-list-item\">\n\t\t\t\t\t\t\t\t\t\t\t<span class=\"elementor-icon-list-icon\">\n\t\t\t\t\t\t\t<i aria-hidden=\"true\" class=\"far fa-hand-point-right\"><\/i>\t\t\t\t\t\t<\/span>\n\t\t\t\t\t\t\t\t\t\t<span class=\"elementor-icon-list-text\">\u00c9lectrification de l\u2019escalier de l\u2019\u00e9glise (Laurent VERT).<\/span>\n\t\t\t\t\t\t\t\t\t<\/li>\n\t\t\t\t\t\t\t\t<li class=\"elementor-icon-list-item\">\n\t\t\t\t\t\t\t\t\t\t\t<span class=\"elementor-icon-list-icon\">\n\t\t\t\t\t\t\t<i aria-hidden=\"true\" class=\"far fa-hand-point-right\"><\/i>\t\t\t\t\t\t<\/span>\n\t\t\t\t\t\t\t\t\t\t<span class=\"elementor-icon-list-text\">Enfouissement des r\u00e9seaux (\u00e9lectriques et T\u00e9l\u00e9com) au Bi\u00e9 de Chimoune et sur la route de Bourisp (EPE et SDE).<\/span>\n\t\t\t\t\t\t\t\t\t<\/li>\n\t\t\t\t\t\t\t\t<li class=\"elementor-icon-list-item\">\n\t\t\t\t\t\t\t\t\t\t\t<span class=\"elementor-icon-list-icon\">\n\t\t\t\t\t\t\t<i aria-hidden=\"true\" class=\"far fa-hand-point-right\"><\/i>\t\t\t\t\t\t<\/span>\n\t\t\t\t\t\t\t\t\t\t<span class=\"elementor-icon-list-text\">R\u00e9alisation du r\u00e9seau pluvial chemin de Saounte (Laurent CONDOURE).<\/span>\n\t\t\t\t\t\t\t\t\t<\/li>\n\t\t\t\t\t\t\t\t<li class=\"elementor-icon-list-item\">\n\t\t\t\t\t\t\t\t\t\t\t<span class=\"elementor-icon-list-icon\">\n\t\t\t\t\t\t\t<i aria-hidden=\"true\" class=\"far fa-hand-point-right\"><\/i>\t\t\t\t\t\t<\/span>\n\t\t\t\t\t\t\t\t\t\t<span class=\"elementor-icon-list-text\">Mise en basse tension du r\u00e9seau d'\u00e9clairage public avec remplacement des lanternes. Tranche 1 : route de Bourisp, rue principale, Bi\u00e9 de Cachou, chemin de Saounte, Bie de Couraou, route de Saint-Lary Soulan, rue du Chutole et lavoir. Pour 2021, tranche 2 (si nous sommes retenus) : toute la rue d'Ens, Bi\u00e9 de dessus, Bi\u00e9 d'Ountarabio, chemin de Caneilles, place de l'\u00e9cole et route d'Estensan.<\/span>\n\t\t\t\t\t\t\t\t\t<\/li>\n\t\t\t\t\t\t\t\t<li class=\"elementor-icon-list-item\">\n\t\t\t\t\t\t\t\t\t\t\t<span class=\"elementor-icon-list-icon\">\n\t\t\t\t\t\t\t<i aria-hidden=\"true\" class=\"far fa-hand-point-right\"><\/i>\t\t\t\t\t\t<\/span>\n\t\t\t\t\t\t\t\t\t\t<span class=\"elementor-icon-list-text\">Installation d\u2019un d\u00e9fibrilateur dans le hall ext\u00e9rieur de la mairie ( pos\u00e9 par Laurent VERT et formation organis\u00e9e par Guillaume ARNAUD, conseiller municipal, et assur\u00e9e par les pompiers de Saint-Lary Soulan).<\/span>\n\t\t\t\t\t\t\t\t\t<\/li>\n\t\t\t\t\t\t\t\t<li class=\"elementor-icon-list-item\">\n\t\t\t\t\t\t\t\t\t\t\t<span class=\"elementor-icon-list-icon\">\n\t\t\t\t\t\t\t<i aria-hidden=\"true\" class=\"far fa-hand-point-right\"><\/i>\t\t\t\t\t\t<\/span>\n\t\t\t\t\t\t\t\t\t\t<span class=\"elementor-icon-list-text\">Mise en place d\u2019un syst\u00e8me d\u2019alerte (en cas d\u2019\u00e9pisode m\u00e9t\u00e9orologique violent, fuites sur le r\u00e9seau d\u2019eau potable, fermeture de route ...) par SMS aux habitants. Ce dispositif, g\u00e9r\u00e9 directement par le maire, sera effectif au premier trimestre 2021.<\/span>\n\t\t\t\t\t\t\t\t\t<\/li>\n\t\t\t\t\t\t<\/ul>\n\t\t\t\t\t\t<\/div>\n\t\t\t\t<\/div>\n\t\t\t\t\t<\/div>\n\t\t<\/div>\n\t\t\t\t<div class=\"elementor-column elementor-col-33 elementor-top-column elementor-element elementor-element-9776065\" data-id=\"9776065\" data-element_type=\"column\" data-e-type=\"column\">\n\t\t\t<div class=\"elementor-widget-wrap\">\n\t\t\t\t\t\t\t<\/div>\n\t\t<\/div>\n\t\t\t\t\t<\/div>\n\t\t<\/section>\n\t\t\t\t<section class=\"elementor-section elementor-top-section elementor-element elementor-element-c6697ac elementor-section-boxed elementor-section-height-default elementor-section-height-default\" data-id=\"c6697ac\" data-element_type=\"section\" data-e-type=\"section\">\n\t\t\t\t\t\t<div class=\"elementor-container elementor-column-gap-default\">\n\t\t\t\t\t<div class=\"elementor-column elementor-col-100 elementor-top-column elementor-element elementor-element-7bc7cd8\" data-id=\"7bc7cd8\" data-element_type=\"column\" data-e-type=\"column\">\n\t\t\t<div class=\"elementor-widget-wrap elementor-element-populated\">\n\t\t\t\t\t\t<div class=\"elementor-element elementor-element-192d9d6 elementor-widget elementor-widget-spacer\" data-id=\"192d9d6\" data-element_type=\"widget\" data-e-type=\"widget\" data-widget_type=\"spacer.default\">\n\t\t\t\t<div class=\"elementor-widget-container\">\n\t\t\t\t\t\t\t<div class=\"elementor-spacer\">\n\t\t\t<div class=\"elementor-spacer-inner\"><\/div>\n\t\t<\/div>\n\t\t\t\t\t\t<\/div>\n\t\t\t\t<\/div>\n\t\t\t\t\t<\/div>\n\t\t<\/div>\n\t\t\t\t\t<\/div>\n\t\t<\/section>\n\t\t\t\t<section class=\"elementor-section elementor-top-section elementor-element elementor-element-76834271 elementor-section-boxed elementor-section-height-default elementor-section-height-default\" data-id=\"76834271\" data-element_type=\"section\" data-e-type=\"section\" data-settings=\"{&quot;background_background&quot;:&quot;classic&quot;}\">\n\t\t\t\t\t\t<div class=\"elementor-container elementor-column-gap-default\">\n\t\t\t\t\t<div class=\"elementor-column elementor-col-25 elementor-top-column elementor-element elementor-element-2b62b71b\" data-id=\"2b62b71b\" data-element_type=\"column\" data-e-type=\"column\">\n\t\t\t<div class=\"elementor-widget-wrap elementor-element-populated\">\n\t\t\t\t\t\t<div class=\"elementor-element elementor-element-489ea8e7 elementor-widget elementor-widget-heading\" data-id=\"489ea8e7\" data-element_type=\"widget\" data-e-type=\"widget\" data-widget_type=\"heading.default\">\n\t\t\t\t<div class=\"elementor-widget-container\">\n\t\t\t\t\t<h4 class=\"elementor-heading-title elementor-size-default\">Mairie<\/h4>\t\t\t\t<\/div>\n\t\t\t\t<\/div>\n\t\t\t\t<div class=\"elementor-element elementor-element-63f2f2b6 elementor-icon-list--layout-traditional elementor-list-item-link-full_width elementor-widget elementor-widget-icon-list\" data-id=\"63f2f2b6\" data-element_type=\"widget\" data-e-type=\"widget\" data-widget_type=\"icon-list.default\">\n\t\t\t\t<div class=\"elementor-widget-container\">\n\t\t\t\t\t\t\t<ul class=\"elementor-icon-list-items\">\n\t\t\t\t\t\t\t<li class=\"elementor-icon-list-item\">\n\t\t\t\t\t\t\t\t\t\t<span class=\"elementor-icon-list-text\">Place Bertrand Menvielle<\/span>\n\t\t\t\t\t\t\t\t\t<\/li>\n\t\t\t\t\t\t\t\t<li class=\"elementor-icon-list-item\">\n\t\t\t\t\t\t\t\t\t\t<span class=\"elementor-icon-list-text\">65170 Sailhan<\/span>\n\t\t\t\t\t\t\t\t\t<\/li>\n\t\t\t\t\t\t\t\t<li class=\"elementor-icon-list-item\">\n\t\t\t\t\t\t\t\t\t\t\t<span class=\"elementor-icon-list-icon\">\n\t\t\t\t\t\t\t<i aria-hidden=\"true\" class=\"fas fa-phone-alt\"><\/i>\t\t\t\t\t\t<\/span>\n\t\t\t\t\t\t\t\t\t\t<span class=\"elementor-icon-list-text\">05 62 39 51 13<\/span>\n\t\t\t\t\t\t\t\t\t<\/li>\n\t\t\t\t\t\t\t\t<li class=\"elementor-icon-list-item\">\n\t\t\t\t\t\t\t\t\t\t\t<span class=\"elementor-icon-list-icon\">\n\t\t\t\t\t\t\t<i aria-hidden=\"true\" class=\"fas fa-mail-bulk\"><\/i>\t\t\t\t\t\t<\/span>\n\t\t\t\t\t\t\t\t\t\t<span class=\"elementor-icon-list-text\">commune-de-sailhan@orange.fr<\/span>\n\t\t\t\t\t\t\t\t\t<\/li>\n\t\t\t\t\t\t<\/ul>\n\t\t\t\t\t\t<\/div>\n\t\t\t\t<\/div>\n\t\t\t\t\t<\/div>\n\t\t<\/div>\n\t\t\t\t<div class=\"elementor-column elementor-col-25 elementor-top-column elementor-element elementor-element-140e46fb\" data-id=\"140e46fb\" data-element_type=\"column\" data-e-type=\"column\">\n\t\t\t<div class=\"elementor-widget-wrap elementor-element-populated\">\n\t\t\t\t\t\t<div class=\"elementor-element elementor-element-14b82a97 elementor-widget elementor-widget-heading\" data-id=\"14b82a97\" data-element_type=\"widget\" data-e-type=\"widget\" data-widget_type=\"heading.default\">\n\t\t\t\t<div class=\"elementor-widget-container\">\n\t\t\t\t\t<h4 class=\"elementor-heading-title elementor-size-default\"><a href=\"https:\/\/www.mairie-sailhan.fr\/index.php\/mentions-legales\/\">Mentions legales<\/a><\/h4>\t\t\t\t<\/div>\n\t\t\t\t<\/div>\n\t\t\t\t\t<\/div>\n\t\t<\/div>\n\t\t\t\t<div class=\"elementor-column elementor-col-25 elementor-top-column elementor-element elementor-element-3663aaab\" data-id=\"3663aaab\" data-element_type=\"column\" data-e-type=\"column\">\n\t\t\t<div class=\"elementor-widget-wrap elementor-element-populated\">\n\t\t\t\t\t\t<div class=\"elementor-element elementor-element-17b76467 elementor-widget elementor-widget-heading\" data-id=\"17b76467\" data-element_type=\"widget\" data-e-type=\"widget\" data-widget_type=\"heading.default\">\n\t\t\t\t<div class=\"elementor-widget-container\">\n\t\t\t\t\t<h4 class=\"elementor-heading-title elementor-size-default\">Social Media<\/h4>\t\t\t\t<\/div>\n\t\t\t\t<\/div>\n\t\t\t\t<div class=\"elementor-element elementor-element-14a9b9f7 e-grid-align-left elementor-shape-rounded elementor-grid-0 elementor-widget elementor-widget-social-icons\" data-id=\"14a9b9f7\" data-element_type=\"widget\" data-e-type=\"widget\" data-widget_type=\"social-icons.default\">\n\t\t\t\t<div class=\"elementor-widget-container\">\n\t\t\t\t\t\t\t<div class=\"elementor-social-icons-wrapper elementor-grid\" role=\"list\">\n\t\t\t\t\t\t\t<span class=\"elementor-grid-item\" role=\"listitem\">\n\t\t\t\t\t<a class=\"elementor-icon elementor-social-icon elementor-social-icon-facebook-f elementor-repeater-item-c1104d1\" href=\"https:\/\/www.facebook.com\/people\/Mairie-de-Sailhan\/100088254394758\/\" target=\"_blank\">\n\t\t\t\t\t\t<span class=\"elementor-screen-only\">Facebook-f<\/span>\n\t\t\t\t\t\t<i aria-hidden=\"true\" class=\"fab fa-facebook-f\"><\/i>\t\t\t\t\t<\/a>\n\t\t\t\t<\/span>\n\t\t\t\t\t\t\t<span class=\"elementor-grid-item\" role=\"listitem\">\n\t\t\t\t\t<a class=\"elementor-icon elementor-social-icon elementor-social-icon-instagram elementor-repeater-item-1893ab4\" href=\"http:\/\/instagram.com\/sailhan_officiel\" target=\"_blank\">\n\t\t\t\t\t\t<span class=\"elementor-screen-only\">Instagram<\/span>\n\t\t\t\t\t\t<i aria-hidden=\"true\" class=\"fab fa-instagram\"><\/i>\t\t\t\t\t<\/a>\n\t\t\t\t<\/span>\n\t\t\t\t\t<\/div>\n\t\t\t\t\t\t<\/div>\n\t\t\t\t<\/div>\n\t\t\t\t\t<\/div>\n\t\t<\/div>\n\t\t\t\t<div class=\"elementor-column elementor-col-25 elementor-top-column elementor-element elementor-element-140bfc1f\" data-id=\"140bfc1f\" data-element_type=\"column\" data-e-type=\"column\">\n\t\t\t<div class=\"elementor-widget-wrap elementor-element-populated\">\n\t\t\t\t\t\t<div class=\"elementor-element elementor-element-117af668 elementor-align-justify elementor-widget elementor-widget-button\" data-id=\"117af668\" data-element_type=\"widget\" data-e-type=\"widget\" data-widget_type=\"button.default\">\n\t\t\t\t<div class=\"elementor-widget-container\">\n\t\t\t\t\t\t\t\t\t<div class=\"elementor-button-wrapper\">\n\t\t\t\t\t<a class=\"elementor-button elementor-button-link elementor-size-sm\" href=\"https:\/\/www.mairie-sailhan.fr\/\">\n\t\t\t\t\t\t<span class=\"elementor-button-content-wrapper\">\n\t\t\t\t\t\t<span class=\"elementor-button-icon\">\n\t\t\t\t<i aria-hidden=\"true\" class=\"fas fa-home\"><\/i>\t\t\t<\/span>\n\t\t\t\t\t\t\t\t\t<span class=\"elementor-button-text\">ACCUEIL<\/span>\n\t\t\t\t\t<\/span>\n\t\t\t\t\t<\/a>\n\t\t\t\t<\/div>\n\t\t\t\t\t\t\t\t<\/div>\n\t\t\t\t<\/div>\n\t\t\t\t\t<\/div>\n\t\t<\/div>\n\t\t\t\t\t<\/div>\n\t\t<\/section>\n\t\t\t\t<\/div>\n\t\t","protected":false},"excerpt":{"rendered":"<p>Les travaux ACCUEIL Travaux en 2021 Eclairage public. Mise en basse tension de la tranche 2 (au niveau du lavoir et de la route d&rsquo;Ens) sous r\u00e9serve de la prise en charge par le Syndicat D\u00e9partemental d&rsquo;Energie (SDE). S\u00e9curit\u00e9 routi\u00e8re. Installation de panneaux p\u00e9dagogiques pour ralentir la vitesse aux entr\u00e9es du village (routes d&rsquo;Estensan et [&hellip;]<\/p>\n","protected":false},"author":1,"featured_media":0,"parent":0,"menu_order":0,"comment_status":"closed","ping_status":"closed","template":"elementor_canvas","meta":{"h5ap_radio_sources":[],"footnotes":""},"class_list":["post-359","page","type-page","status-publish","hentry","wpbf-post"],"yoast_head":"<!-- This site is optimized with the Yoast SEO plugin v27.4 - https:\/\/yoast.com\/product\/yoast-seo-wordpress\/ -->\n<title>Les travaux - mairie-sailhan.fr<\/title>\n<meta name=\"robots\" content=\"index, follow, max-snippet:-1, max-image-preview:large, max-video-preview:-1\" \/>\n<link rel=\"canonical\" href=\"https:\/\/mairie-sailhan.fr\/index.php\/les-travaux\/\" \/>\n<meta property=\"og:locale\" content=\"fr_FR\" \/>\n<meta property=\"og:type\" content=\"article\" \/>\n<meta property=\"og:title\" content=\"Les travaux - mairie-sailhan.fr\" \/>\n<meta property=\"og:description\" content=\"Les travaux ACCUEIL Travaux en 2021 Eclairage public. Mise en basse tension de la tranche 2 (au niveau du lavoir et de la route d&rsquo;Ens) sous r\u00e9serve de la prise en charge par le Syndicat D\u00e9partemental d&rsquo;Energie (SDE). S\u00e9curit\u00e9 routi\u00e8re. Installation de panneaux p\u00e9dagogiques pour ralentir la vitesse aux entr\u00e9es du village (routes d&rsquo;Estensan et [&hellip;]\" \/>\n<meta property=\"og:url\" content=\"https:\/\/mairie-sailhan.fr\/index.php\/les-travaux\/\" \/>\n<meta property=\"og:site_name\" content=\"mairie-sailhan.fr\" \/>\n<meta property=\"article:modified_time\" content=\"2022-11-23T15:33:50+00:00\" \/>\n<meta name=\"twitter:card\" content=\"summary_large_image\" \/>\n<meta name=\"twitter:label1\" content=\"Dur\u00e9e de lecture estim\u00e9e\" \/>\n\t<meta name=\"twitter:data1\" content=\"4 minutes\" \/>\n<script type=\"application\/ld+json\" class=\"yoast-schema-graph\">{\"@context\":\"https:\\\/\\\/schema.org\",\"@graph\":[{\"@type\":\"WebPage\",\"@id\":\"https:\\\/\\\/mairie-sailhan.fr\\\/index.php\\\/les-travaux\\\/\",\"url\":\"https:\\\/\\\/mairie-sailhan.fr\\\/index.php\\\/les-travaux\\\/\",\"name\":\"Les travaux - mairie-sailhan.fr\",\"isPartOf\":{\"@id\":\"https:\\\/\\\/mairie-sailhan.fr\\\/#website\"},\"datePublished\":\"2020-09-08T15:35:16+00:00\",\"dateModified\":\"2022-11-23T15:33:50+00:00\",\"inLanguage\":\"fr-FR\",\"potentialAction\":[{\"@type\":\"ReadAction\",\"target\":[\"https:\\\/\\\/mairie-sailhan.fr\\\/index.php\\\/les-travaux\\\/\"]}]},{\"@type\":\"WebSite\",\"@id\":\"https:\\\/\\\/mairie-sailhan.fr\\\/#website\",\"url\":\"https:\\\/\\\/mairie-sailhan.fr\\\/\",\"name\":\"mairie-sailhan.fr\",\"description\":\"Mairie de Sailhan\",\"publisher\":{\"@id\":\"https:\\\/\\\/mairie-sailhan.fr\\\/#organization\"},\"potentialAction\":[{\"@type\":\"SearchAction\",\"target\":{\"@type\":\"EntryPoint\",\"urlTemplate\":\"https:\\\/\\\/mairie-sailhan.fr\\\/?s={search_term_string}\"},\"query-input\":{\"@type\":\"PropertyValueSpecification\",\"valueRequired\":true,\"valueName\":\"search_term_string\"}}],\"inLanguage\":\"fr-FR\"},{\"@type\":\"Organization\",\"@id\":\"https:\\\/\\\/mairie-sailhan.fr\\\/#organization\",\"name\":\"mairie-sailhan.fr\",\"url\":\"https:\\\/\\\/mairie-sailhan.fr\\\/\",\"logo\":{\"@type\":\"ImageObject\",\"inLanguage\":\"fr-FR\",\"@id\":\"https:\\\/\\\/mairie-sailhan.fr\\\/#\\\/schema\\\/logo\\\/image\\\/\",\"url\":\"https:\\\/\\\/mairie-sailhan.fr\\\/wp-content\\\/uploads\\\/2020\\\/09\\\/cropped-800px-Blason_ville_fr_Sailhan_65.svg.png\",\"contentUrl\":\"https:\\\/\\\/mairie-sailhan.fr\\\/wp-content\\\/uploads\\\/2020\\\/09\\\/cropped-800px-Blason_ville_fr_Sailhan_65.svg.png\",\"width\":800,\"height\":878,\"caption\":\"mairie-sailhan.fr\"},\"image\":{\"@id\":\"https:\\\/\\\/mairie-sailhan.fr\\\/#\\\/schema\\\/logo\\\/image\\\/\"}}]}<\/script>\n<!-- \/ Yoast SEO plugin. -->","yoast_head_json":{"title":"Les travaux - mairie-sailhan.fr","robots":{"index":"index","follow":"follow","max-snippet":"max-snippet:-1","max-image-preview":"max-image-preview:large","max-video-preview":"max-video-preview:-1"},"canonical":"https:\/\/mairie-sailhan.fr\/index.php\/les-travaux\/","og_locale":"fr_FR","og_type":"article","og_title":"Les travaux - mairie-sailhan.fr","og_description":"Les travaux ACCUEIL Travaux en 2021 Eclairage public. Mise en basse tension de la tranche 2 (au niveau du lavoir et de la route d&rsquo;Ens) sous r\u00e9serve de la prise en charge par le Syndicat D\u00e9partemental d&rsquo;Energie (SDE). S\u00e9curit\u00e9 routi\u00e8re. Installation de panneaux p\u00e9dagogiques pour ralentir la vitesse aux entr\u00e9es du village (routes d&rsquo;Estensan et [&hellip;]","og_url":"https:\/\/mairie-sailhan.fr\/index.php\/les-travaux\/","og_site_name":"mairie-sailhan.fr","article_modified_time":"2022-11-23T15:33:50+00:00","twitter_card":"summary_large_image","twitter_misc":{"Dur\u00e9e de lecture estim\u00e9e":"4 minutes"},"schema":{"@context":"https:\/\/schema.org","@graph":[{"@type":"WebPage","@id":"https:\/\/mairie-sailhan.fr\/index.php\/les-travaux\/","url":"https:\/\/mairie-sailhan.fr\/index.php\/les-travaux\/","name":"Les travaux - mairie-sailhan.fr","isPartOf":{"@id":"https:\/\/mairie-sailhan.fr\/#website"},"datePublished":"2020-09-08T15:35:16+00:00","dateModified":"2022-11-23T15:33:50+00:00","inLanguage":"fr-FR","potentialAction":[{"@type":"ReadAction","target":["https:\/\/mairie-sailhan.fr\/index.php\/les-travaux\/"]}]},{"@type":"WebSite","@id":"https:\/\/mairie-sailhan.fr\/#website","url":"https:\/\/mairie-sailhan.fr\/","name":"mairie-sailhan.fr","description":"Mairie de Sailhan","publisher":{"@id":"https:\/\/mairie-sailhan.fr\/#organization"},"potentialAction":[{"@type":"SearchAction","target":{"@type":"EntryPoint","urlTemplate":"https:\/\/mairie-sailhan.fr\/?s={search_term_string}"},"query-input":{"@type":"PropertyValueSpecification","valueRequired":true,"valueName":"search_term_string"}}],"inLanguage":"fr-FR"},{"@type":"Organization","@id":"https:\/\/mairie-sailhan.fr\/#organization","name":"mairie-sailhan.fr","url":"https:\/\/mairie-sailhan.fr\/","logo":{"@type":"ImageObject","inLanguage":"fr-FR","@id":"https:\/\/mairie-sailhan.fr\/#\/schema\/logo\/image\/","url":"https:\/\/mairie-sailhan.fr\/wp-content\/uploads\/2020\/09\/cropped-800px-Blason_ville_fr_Sailhan_65.svg.png","contentUrl":"https:\/\/mairie-sailhan.fr\/wp-content\/uploads\/2020\/09\/cropped-800px-Blason_ville_fr_Sailhan_65.svg.png","width":800,"height":878,"caption":"mairie-sailhan.fr"},"image":{"@id":"https:\/\/mairie-sailhan.fr\/#\/schema\/logo\/image\/"}}]}},"_links":{"self":[{"href":"https:\/\/mairie-sailhan.fr\/index.php\/wp-json\/wp\/v2\/pages\/359","targetHints":{"allow":["GET"]}}],"collection":[{"href":"https:\/\/mairie-sailhan.fr\/index.php\/wp-json\/wp\/v2\/pages"}],"about":[{"href":"https:\/\/mairie-sailhan.fr\/index.php\/wp-json\/wp\/v2\/types\/page"}],"author":[{"embeddable":true,"href":"https:\/\/mairie-sailhan.fr\/index.php\/wp-json\/wp\/v2\/users\/1"}],"replies":[{"embeddable":true,"href":"https:\/\/mairie-sailhan.fr\/index.php\/wp-json\/wp\/v2\/comments?post=359"}],"version-history":[{"count":0,"href":"https:\/\/mairie-sailhan.fr\/index.php\/wp-json\/wp\/v2\/pages\/359\/revisions"}],"wp:attachment":[{"href":"https:\/\/mairie-sailhan.fr\/index.php\/wp-json\/wp\/v2\/media?parent=359"}],"curies":[{"name":"wp","href":"https:\/\/api.w.org\/{rel}","templated":true}]}}